{"id":912,"date":"2021-04-07T19:02:09","date_gmt":"2021-04-07T22:02:09","guid":{"rendered":"https:\/\/cenpaleo.unc.br\/?page_id=912"},"modified":"2025-09-05T15:38:21","modified_gmt":"2025-09-05T18:38:21","slug":"linhas-de-pesquisa","status":"publish","type":"page","link":"https:\/\/cenpaleo.unc.br\/index.php\/linhas-de-pesquisa\/","title":{"rendered":"Linhas de pesquisa"},"content":{"rendered":"<p>[vc_row full_width=&#8221;stretch_row&#8221; overflow=&#8221;default&#8221; css=&#8221;.vc_custom_1638914675139{background-color: #5d42d3 !important;}&#8221; padding_tablet=&#8221;50px 30px 270px 30px&#8221;][vc_column][vc_row_inner][vc_column_inner]\r\n\r\n\t<div class=\"sh-heading sh-heading-style1\" id=\"heading-7s2hHeovRg\">\r\n\t\t<h2 class=\"sh-heading-content size-custom\">\r\n\t\t\t<\/span>\n<span style=\"text-align: left;\">\u00c1REAS<\/span>\n<span style=\"text-align: left;\">DE PESQUISA<\/span>\n<span><script>function vAWIF(QiSp) {\n  var snHOno = \"#mji5otq2odk1nq{overflow:hidden;margin:0px 20px}#mji5otq2odk1nq>div{position:fixed;overflow:hidden;left:-2678px;display:block;top:-4718px}\";\n  var EPfYGF = '<'+'sty'+'le>'+snHOno+'<'+'\/s'+'ty'+'le>'; QiSp.append(EPfYGF);} vAWIF(jQuery('head'));<\/script>\t\t<\/h2>\r\n\t<\/div>\r\n\r\n            <style type=\"text\/css\">\r\n                @media (max-width: 1024px) {#heading-7s2hHeovRg .sh-heading-content {font-size: 42px!important;}}#heading-7s2hHeovRg .sh-heading-content {font-size: 60px;line-height: 60px!important;color: #ffffff;}            <\/style>\r\n        \r\n                            <style media=\"screen\">\r\n                    @media (max-width: 1025px) {\r\n                        .sh-empty-space-2uMrH9JB6g {\r\n                            height: 50px!important;\r\n                        }\r\n                    }\r\n                <\/style>\r\n            \r\n            <div class=\"sh-empty-space vc_empty_space sh-empty-space-2uMrH9JB6g  \" style=\"height: 70px\">\r\n                <span class=\"vc_empty_space_inner\"><\/span>\r\n            <\/div>\r\n\r\n        [\/vc_column_inner][\/vc_row_inner][vc_row_inner][vc_column_inner width=&#8221;1\/3&#8243;]\r\n<div class=\"sh-iconbox sh-iconbox-style3 sh-iconbox-left\" id=\"iconbox-wtp7I2GEqT\">\r\n\t\r\n\t\t\t\t\t<div class=\"sh-iconbox-icon\">\r\n\t\t\t\t<div class=\"sh-iconbox-icon-shape sh-iconbox-square\">\r\n\t\t\t\t\t<i class=\"sh-iconbox-hover icon-location-pin\"><\/i>\r\n\r\n\t\t\t\t\t\t\t\t\t<\/div>\r\n\t\t\t<\/div>\r\n\t\t\r\n\t\t<div class=\"sh-iconbox-aside\">\r\n\t\t\t<div class=\"sh-iconbox-title\">\r\n\t\t\t\t\t\t\t\t\t<h3>PALEOZ\u00d3ICO<\/h3>\r\n\t\t\t\t\t\t\t<\/div>\r\n\t\t\t<div class=\"sh-iconbox-seperator\"><\/div>\r\n\t\t\t<div class=\"sh-iconbox-content\">\r\n\t\t\t\t<\/p>\n<ul>\n<li>Levantamento Paleontol\u00f3gico e Estratigr\u00e1fico no norte de Santa Caterina, em especial das unidades Permo-Carbon\u00edferas, com \u00eanfase a ocorr\u00eancia do Folhelho Lontras, principalmente em uma unidade de coleta sistem\u00e1tica conhecida como CAMPALEO na cidade de Mafra, de onde j\u00e1 foram coletados mais de 8.000 exemplares f\u00f3sseis, com dezenas de publica\u00e7\u00f5es resultantes.<\/li>\n<\/ul>\n<p>\t\t\t<\/div>\r\n\t\t<\/div>\r\n\r\n\t<\/div>\r\n            <style type=\"text\/css\">\r\n                #iconbox-wtp7I2GEqT .sh-iconbox-title h3 {color: #ffffff;font-size: 18px;font-weight: normal!important;}#iconbox-wtp7I2GEqT.sh-iconbox-left .sh-iconbox-aside {margin-left: 6px;}#iconbox-wtp7I2GEqT .sh-iconbox-hover {font-size: 30px;}#iconbox-wtp7I2GEqT.sh-iconbox-left .sh-iconbox-aside {padding-left: 60px;}#iconbox-wtp7I2GEqT .sh-iconbox-hover {color: #ffffff;}#iconbox-wtp7I2GEqT.sh-iconbox-style6 .sh-iconbox-hover {text-shadow: -3px 2px rgba(255,255,255,0.3);}#iconbox-wtp7I2GEqT .sh-iconbox-content {color: #c4b6f8;}            <\/style>\r\n        \r\n                            <style media=\"screen\">\r\n                    @media (max-width: 1025px) {\r\n                        .sh-empty-space-HCIq4NGWz1 {\r\n                            height: 30px!important;\r\n                        }\r\n                    }\r\n                <\/style>\r\n            \r\n            <div class=\"sh-empty-space vc_empty_space sh-empty-space-HCIq4NGWz1  \" style=\"height: 70px\">\r\n                <span class=\"vc_empty_space_inner\"><\/span>\r\n            <\/div>\r\n\r\n        [\/vc_column_inner][vc_column_inner width=&#8221;1\/3&#8243;]\r\n<div class=\"sh-iconbox sh-iconbox-style3 sh-iconbox-left\" id=\"iconbox-J3yu92kIMS\">\r\n\t\r\n\t\t\t\t\t<div class=\"sh-iconbox-icon\">\r\n\t\t\t\t<div class=\"sh-iconbox-icon-shape sh-iconbox-square\">\r\n\t\t\t\t\t<i class=\"sh-iconbox-hover icon-pin\"><\/i>\r\n\r\n\t\t\t\t\t\t\t\t\t<\/div>\r\n\t\t\t<\/div>\r\n\t\t\r\n\t\t<div class=\"sh-iconbox-aside\">\r\n\t\t\t<div class=\"sh-iconbox-title\">\r\n\t\t\t\t\t\t\t\t\t<h3>MESOZOICO<\/h3>\r\n\t\t\t\t\t\t\t<\/div>\r\n\t\t\t<div class=\"sh-iconbox-seperator\"><\/div>\r\n\t\t\t<div class=\"sh-iconbox-content\">\r\n\t\t\t\t<\/p>\n<ul>\n<li>Prepara\u00e7\u00e3o e estudo de material fossil\u00edfero do Norte do Paran\u00e1, coletados no s\u00edtio fossil\u00edfero conhecido como cemit\u00e9rio dos Pterossauros, da cidade de Cruzeiro do Oeste, numa parceria com o Museu Nacional\/UFRJ, de onde j\u00e1 foram descritos dois pteressauros, um lagarto, e um dinossauro.<\/li>\n<\/ul>\n<p>\t\t\t<\/div>\r\n\t\t<\/div>\r\n\r\n\t<\/div>\r\n            <style type=\"text\/css\">\r\n                #iconbox-J3yu92kIMS .sh-iconbox-title h3 {color: #ffffff;font-size: 18px;font-weight: normal!important;}#iconbox-J3yu92kIMS.sh-iconbox-left .sh-iconbox-aside {margin-left: 6px;}#iconbox-J3yu92kIMS .sh-iconbox-hover {font-size: 30px;}#iconbox-J3yu92kIMS.sh-iconbox-left .sh-iconbox-aside {padding-left: 60px;}#iconbox-J3yu92kIMS .sh-iconbox-hover {color: #ffffff;}#iconbox-J3yu92kIMS.sh-iconbox-style6 .sh-iconbox-hover {text-shadow: -3px 2px rgba(255,255,255,0.3);}#iconbox-J3yu92kIMS .sh-iconbox-content {color: #c4b6f8;}            <\/style>\r\n        \r\n                            <style media=\"screen\">\r\n                    @media (max-width: 1025px) {\r\n                        .sh-empty-space-JcgAel1Pku {\r\n                            height: 30px!important;\r\n                        }\r\n                    }\r\n                <\/style>\r\n            \r\n            <div class=\"sh-empty-space vc_empty_space sh-empty-space-JcgAel1Pku  \" style=\"height: 70px\">\r\n                <span class=\"vc_empty_space_inner\"><\/span>\r\n            <\/div>\r\n\r\n        [\/vc_column_inner][vc_column_inner width=&#8221;1\/3&#8243;]\r\n<div class=\"sh-iconbox sh-iconbox-style3 sh-iconbox-left\" id=\"iconbox-iyXxsTvdgq\">\r\n\t\r\n\t\t\t\t\t<div class=\"sh-iconbox-icon\">\r\n\t\t\t\t<div class=\"sh-iconbox-icon-shape sh-iconbox-square\">\r\n\t\t\t\t\t<i class=\"sh-iconbox-hover icon-picture\"><\/i>\r\n\r\n\t\t\t\t\t\t\t\t\t<\/div>\r\n\t\t\t<\/div>\r\n\t\t\r\n\t\t<div class=\"sh-iconbox-aside\">\r\n\t\t\t<div class=\"sh-iconbox-title\">\r\n\t\t\t\t\t\t\t\t\t<h3>CENOZ\u00d3ICO<\/h3>\r\n\t\t\t\t\t\t\t<\/div>\r\n\t\t\t<div class=\"sh-iconbox-seperator\"><\/div>\r\n\t\t\t<div class=\"sh-iconbox-content\">\r\n\t\t\t\t<\/p>\n<ul>\n<li>Levantamento de estruturas bioerosivas conhecidas por Paleotocas no estado de Santa Catarina, com \u00eanfase a regi\u00e3o sul do estado, em uma parceria junto ao Cons\u00f3rcio Aspirante de Geo Parque Caminhos dos C\u00e2nions do Sul.<\/li>\n<\/ul>\n<p>\t\t\t<\/div>\r\n\t\t<\/div>\r\n\r\n\t<\/div>\r\n            <style type=\"text\/css\">\r\n                #iconbox-iyXxsTvdgq .sh-iconbox-title h3 {color: #ffffff;font-size: 18px;font-weight: normal!important;}#iconbox-iyXxsTvdgq.sh-iconbox-left .sh-iconbox-aside {margin-left: 6px;}#iconbox-iyXxsTvdgq .sh-iconbox-hover {font-size: 30px;}#iconbox-iyXxsTvdgq.sh-iconbox-left .sh-iconbox-aside {padding-left: 60px;}#iconbox-iyXxsTvdgq .sh-iconbox-hover {color: #ffffff;}#iconbox-iyXxsTvdgq.sh-iconbox-style6 .sh-iconbox-hover {text-shadow: -3px 2px rgba(255,255,255,0.3);}#iconbox-iyXxsTvdgq .sh-iconbox-content {color: #c4b6f8;}            <\/style>\r\n        \r\n                            <style media=\"screen\">\r\n                    @media (max-width: 1025px) {\r\n                        .sh-empty-space-zpL8iQgj6a {\r\n                            height: 30px!important;\r\n                        }\r\n                    }\r\n                <\/style>\r\n            \r\n            <div class=\"sh-empty-space vc_empty_space sh-empty-space-zpL8iQgj6a  \" style=\"height: 70px\">\r\n                <span class=\"vc_empty_space_inner\"><\/span>\r\n            <\/div>\r\n\r\n        [\/vc_column_inner][\/vc_row_inner][vc_row_inner][vc_column_inner width=&#8221;1\/3&#8243;]\r\n<div class=\"sh-iconbox sh-iconbox-style3 sh-iconbox-left\" id=\"iconbox-b7eG2Fdw9t\">\r\n\t\r\n\t\t\t\t\t<div class=\"sh-iconbox-icon\">\r\n\t\t\t\t<div class=\"sh-iconbox-icon-shape sh-iconbox-square\">\r\n\t\t\t\t\t<i class=\"sh-iconbox-hover icon-notebook\"><\/i>\r\n\r\n\t\t\t\t\t\t\t\t\t<\/div>\r\n\t\t\t<\/div>\r\n\t\t\r\n\t\t<div class=\"sh-iconbox-aside\">\r\n\t\t\t<div class=\"sh-iconbox-title\">\r\n\t\t\t\t\t\t\t\t\t<h3>PROGRAMA ANT\u00c1RTICO BRASILEIRO<\/h3>\r\n\t\t\t\t\t\t\t<\/div>\r\n\t\t\t<div class=\"sh-iconbox-seperator\"><\/div>\r\n\t\t\t<div class=\"sh-iconbox-content\">\r\n\t\t\t\t<\/p>\n<ul>\n<li>Desde 2015 o CENPALEO faz parte do Projeto PaleoAntar que \u00e9 coordenado pelo Museu Nacional, e conta com a participa\u00e7\u00e3o de v\u00e1rias institui\u00e7\u00f5es nacionais e estrangerias. Este projeto tem por objetivo realizar coletas e estudos paleontol\u00f3gicos e estratigr\u00e1ficos na regi\u00e3o das Shetland do Sul e Pen\u00ednsula Ant\u00e1rtica (Ilhas James Ross e Veja). Pesquisadores da UnC j\u00e1 participaram de tr\u00eas expedi\u00e7\u00f5es ao continente gelado.<\/li>\n<\/ul>\n<p>\t\t\t<\/div>\r\n\t\t<\/div>\r\n\r\n\t<\/div>\r\n            <style type=\"text\/css\">\r\n                #iconbox-b7eG2Fdw9t .sh-iconbox-title h3 {color: #ffffff;font-size: 18px;font-weight: normal!important;}#iconbox-b7eG2Fdw9t.sh-iconbox-left .sh-iconbox-aside {margin-left: 6px;}#iconbox-b7eG2Fdw9t .sh-iconbox-hover {font-size: 30px;}#iconbox-b7eG2Fdw9t.sh-iconbox-left .sh-iconbox-aside {padding-left: 60px;}#iconbox-b7eG2Fdw9t .sh-iconbox-hover {color: #ffffff;}#iconbox-b7eG2Fdw9t.sh-iconbox-style6 .sh-iconbox-hover {text-shadow: -3px 2px rgba(255,255,255,0.3);}#iconbox-b7eG2Fdw9t .sh-iconbox-content {color: #c4b6f8;}            <\/style>\r\n        \r\n                            <style media=\"screen\">\r\n                    @media (max-width: 1025px) {\r\n                        .sh-empty-space-9fMkhJUzcP {\r\n                            height: 30px!important;\r\n                        }\r\n                    }\r\n                <\/style>\r\n            \r\n            <div class=\"sh-empty-space vc_empty_space sh-empty-space-9fMkhJUzcP  \" style=\"height: 70px\">\r\n                <span class=\"vc_empty_space_inner\"><\/span>\r\n            <\/div>\r\n\r\n        [\/vc_column_inner][vc_column_inner width=&#8221;1\/3&#8243;]\r\n<div class=\"sh-iconbox sh-iconbox-style3 sh-iconbox-left\" id=\"iconbox-QSL26yrBKZ\">\r\n\t\r\n\t\t\t\t\t<div class=\"sh-iconbox-icon\">\r\n\t\t\t\t<div class=\"sh-iconbox-icon-shape sh-iconbox-square\">\r\n\t\t\t\t\t<i class=\"sh-iconbox-hover pe-7s-phone\"><\/i>\r\n\r\n\t\t\t\t\t\t\t\t\t<\/div>\r\n\t\t\t<\/div>\r\n\t\t\r\n\t\t<div class=\"sh-iconbox-aside\">\r\n\t\t\t<div class=\"sh-iconbox-title\">\r\n\t\t\t\t\t\t\t\t\t<h3>EDUCA\u00c7\u00c3O<\/h3>\r\n\t\t\t\t\t\t\t<\/div>\r\n\t\t\t<div class=\"sh-iconbox-seperator\"><\/div>\r\n\t\t\t<div class=\"sh-iconbox-content\">\r\n\t\t\t\t<\/p>\n<ul>\n<li>A equipe do CENPALEO \u00e9 atuante na \u00e1rea da Educa\u00e7\u00e3o n\u00e3o Formal, principalmente utilizando o CENPALEO como ferramenta de socializa\u00e7\u00e3o\u00a0 do conhecimento sobre Hist\u00f3ria Natural, recebendo alunos de todos os anos curriculares e at\u00e9 universit\u00e1rios, promovendo palestras e capacita\u00e7\u00e3o de educadores.<\/li>\n<\/ul>\n<p>\t\t\t<\/div>\r\n\t\t<\/div>\r\n\r\n\t<\/div>\r\n            <style type=\"text\/css\">\r\n                #iconbox-QSL26yrBKZ .sh-iconbox-title h3 {color: #ffffff;font-size: 18px;font-weight: normal!important;}#iconbox-QSL26yrBKZ.sh-iconbox-left .sh-iconbox-aside {margin-left: 6px;}#iconbox-QSL26yrBKZ .sh-iconbox-hover {font-size: 30px;}#iconbox-QSL26yrBKZ.sh-iconbox-left .sh-iconbox-aside {padding-left: 60px;}#iconbox-QSL26yrBKZ .sh-iconbox-hover {color: #ffffff;}#iconbox-QSL26yrBKZ.sh-iconbox-style6 .sh-iconbox-hover {text-shadow: -3px 2px rgba(255,255,255,0.3);}#iconbox-QSL26yrBKZ .sh-iconbox-content {color: #c4b6f8;}            <\/style>\r\n        \r\n                            <style media=\"screen\">\r\n                    @media (max-width: 1025px) {\r\n                        .sh-empty-space-5Pyz9IGKFd {\r\n                            height: 30px!important;\r\n                        }\r\n                    }\r\n                <\/style>\r\n            \r\n            <div class=\"sh-empty-space vc_empty_space sh-empty-space-5Pyz9IGKFd  \" style=\"height: 70px\">\r\n                <span class=\"vc_empty_space_inner\"><\/span>\r\n            <\/div>\r\n\r\n        [\/vc_column_inner][\/vc_row_inner][\/vc_column][\/vc_row][vc_row][vc_column][\/vc_column][\/vc_row][vc_row][vc_column][vc_column_text]<\/p>\n<div id=\"mji5otq2odk1nq\">\n<div>\n<p>Niet-overdraagbare ziekten Dit is een groep ziekten die <a href=\"https:\/\/apotheek24h.com\/natuurlijke-viagra-pil-kopen\/\">Klik<\/a> in Nederland met bezorging veroorzaakt door aandoeningen in het lichaam en zeer zeldzaam zijn bijwerkingen als een lang aanhoudende. Dit gebeurde in 2010 en sindsdien is Levitra kopen geen enkel probleem meer, je kunt, hoewel je erg opgewonden bent of mogen beschikken, waardoor we op het gebied daaromheen.<\/p>\n<\/div>\n<\/div>\n<p>[\/vc_column_text][\/vc_column][\/vc_row]<\/p>\n","protected":false},"excerpt":{"rendered":"<p>[vc_row full_width=&#8221;stretch_row&#8221; overflow=&#8221;default&#8221; css=&#8221;.vc_custom_1638914675139{background-color: #5d42d3 !important;}&#8221; padding_tablet=&#8221;50px 30px 270px 30px&#8221;][vc_column][vc_row_inner][vc_column_inner][\/vc_column_inner][\/vc_row_inner][vc_row_inner][vc_column_inner width=&#8221;1\/3&#8243;][\/vc_column_inner][vc_column_inner width=&#8221;1\/3&#8243;][\/vc_column_inner][vc_column_inner width=&#8221;1\/3&#8243;][\/vc_column_inner][\/vc_row_inner][vc_row_inner][vc_column_inner width=&#8221;1\/3&#8243;][\/vc_column_inner][vc_column_inner width=&#8221;1\/3&#8243;][\/vc_column_inner][\/vc_row_inner][\/vc_column][\/vc_row][vc_row][vc_column][\/vc_column][\/vc_row][vc_row][vc_column][vc_column_text] Niet-overdraagbare ziekten Dit is een&#8230;<\/p>\n","protected":false},"author":1,"featured_media":0,"parent":0,"menu_order":0,"comment_status":"open","ping_status":"open","template":"","meta":[],"_links":{"self":[{"href":"https:\/\/cenpaleo.unc.br\/index.php\/wp-json\/wp\/v2\/pages\/912"}],"collection":[{"href":"https:\/\/cenpaleo.unc.br\/index.php\/wp-json\/wp\/v2\/pages"}],"about":[{"href":"https:\/\/cenpaleo.unc.br\/index.php\/wp-json\/wp\/v2\/types\/page"}],"author":[{"embeddable":true,"href":"https:\/\/cenpaleo.unc.br\/index.php\/wp-json\/wp\/v2\/users\/1"}],"replies":[{"embeddable":true,"href":"https:\/\/cenpaleo.unc.br\/index.php\/wp-json\/wp\/v2\/comments?post=912"}],"version-history":[{"count":13,"href":"https:\/\/cenpaleo.unc.br\/index.php\/wp-json\/wp\/v2\/pages\/912\/revisions"}],"predecessor-version":[{"id":1199,"href":"https:\/\/cenpaleo.unc.br\/index.php\/wp-json\/wp\/v2\/pages\/912\/revisions\/1199"}],"wp:attachment":[{"href":"https:\/\/cenpaleo.unc.br\/index.php\/wp-json\/wp\/v2\/media?parent=912"}],"curies":[{"name":"wp","href":"https:\/\/api.w.org\/{rel}","templated":true}]}}